{"id":86,"date":"2023-10-13T17:57:58","date_gmt":"2023-10-13T17:57:58","guid":{"rendered":"https:\/\/centrumbadawczesas.us.edu.pl\/?page_id=86"},"modified":"2023-11-29T08:26:46","modified_gmt":"2023-11-29T08:26:46","slug":"zespol-projektu","status":"publish","type":"page","link":"https:\/\/centrumbadawczesas.us.edu.pl\/index.php\/zespol-projektu\/","title":{"rendered":"Zesp\u00f3\u0142 projektu"},"content":{"rendered":"\n<div class=\"wp-block-qubely-team qubely-block-137452\"><div class=\"qubely-block-team  qubely-team-layout-3\"><div class=\"qubely-team-image-wrapper\"><img decoding=\"async\" class=\"qubely-team-image\" src=\"https:\/\/centrumbadawczesas.us.edu.pl\/wp-content\/uploads\/2023\/10\/3eb04bff-b518-4142-b9a1-590938c8d524.jpg\" srcset=\"\" alt=\"<strong&gt;Agnieszka Turska- Kawa<\/strong&gt;\"\/><\/div><div class=\"qubely-team-content\"><div class=\"qubely-team-content-inner\"><span class=\"qubely-team-name\"><strong>Agnieszka Turska- Kawa<\/strong><\/span><div class=\"qubely-team-designation-container\"><span class=\"qubely-team-designation\"><br>Psycholog, politolog. Dyrektor Centrum Badawczego Spo\u0142ecznej Aktywizacji Senior\u00f3w. Liderka i wykonawczyni licznych grant\u00f3w zar\u00f3wno naukowo-badawczych (Horyzont Europa, NCN, COST CA15207, NCBiR), jak i projekt\u00f3w spo\u0142ecznych realizowanych we wsp\u00f3\u0142pracy z jednostkami samorz\u0105du terytorialnego (EDIH). Laureatka Stypendium MNiSW dla wybitnych m\u0142odych naukowc\u00f3w (2018-2019). Realizuje szkolenia z zakresu podnoszenia kompetencji spo\u0142ecznych (asertywno\u015b\u0107, zarz\u0105dzanie stresem, autoprezentacja). Prowadzi badania w obszarze psychologia polityki. Interesuj\u0105 j\u0105 motywacje i emocje rz\u0105dz\u0105ce sfer\u0105 polityki oraz poznawcze aspekty wybor\u00f3w politycznych.<\/span><\/div><\/div><\/div><\/div><\/div>\n\n\n\n<div class=\"wp-block-qubely-team qubely-block-44d6ec\"><div class=\"qubely-block-team  qubely-team-layout-3\"><div class=\"qubely-team-image-wrapper\"><img decoding=\"async\" class=\"qubely-team-image\" src=\"https:\/\/centrumbadawczesas.us.edu.pl\/wp-content\/uploads\/2023\/10\/Bez-tytulu-1.png\" srcset=\"\" alt=\"<strong&gt;Micha\u0142 Budny<\/strong&gt;\"\/><\/div><div class=\"qubely-team-content\"><div class=\"qubely-team-content-inner\"><span class=\"qubely-team-name\"><strong>Micha\u0142 Budny<\/strong><\/span><div class=\"qubely-team-designation-container\"><span class=\"qubely-team-designation\"><br>Prezes Fundacji Instytut Inicjatyw Lokalnych Im. Prof. Waleriana Pa\u0144ki. Od wielu lat zaanga\u017cowany w prac\u0119 w trzecim sektorze. W przesz\u0142o\u015bci wsp\u00f3\u0142pracowa\u0142 m.in. z Klubem Jagiello\u0144skim. Cz\u0142onek Rady Dzia\u0142alno\u015bci ds. Po\u017cytku Publicznego oraz Rady Dialogu z M\u0142odym Pokoleniem. Absolwent Uniwersytetu \u015al\u0105skiego, Uniwersytetu Warszawskiego oraz Uniwersytetu Ekonomicznego w Katowicach.<\/span><\/div><\/div><\/div><\/div><\/div>\n\n\n\n<div class=\"wp-block-qubely-team qubely-block-c9618e\"><div class=\"qubely-block-team  qubely-team-layout-3\"><div class=\"qubely-team-image-wrapper\"><img decoding=\"async\" class=\"qubely-team-image\" src=\"https:\/\/centrumbadawczesas.us.edu.pl\/wp-content\/uploads\/2023\/10\/Elzbieta-Turska_DSC_4736-240x300-1.jpg\" srcset=\"\" alt=\"<strong&gt;El\u017cbieta Turska<\/strong&gt;\"\/><\/div><div class=\"qubely-team-content\"><div class=\"qubely-team-content-inner\"><span class=\"qubely-team-name\"><strong>El\u017cbieta Turska<\/strong><\/span><div class=\"qubely-team-designation-container\"><span class=\"qubely-team-designation\"><br>Psycholog, adiunkt w Instytucie Psychologii na Uniwersytecie \u015al\u0105skim. Jej zainteresowania skupiaj\u0105 si\u0119 wok\u00f3\u0142 problematyki zmiany, zachowa\u0144 organizacyjnych, problematyki zarz\u0105dzania sob\u0105. Jest wieloletnim dydaktykiem, badaczem oraz psychologiem praktykiem z zakresu doradztwa zawodu i planowania kariery. W praktyce szkoleniowej specjalizuje si\u0119 w dziedzinie rozwoju w\u0142asnego potencja\u0142u, planowania i zarz\u0105dzania w\u0142asn\u0105 karier\u0105, rozwoju umiej\u0119tno\u015bci komunikacyjnych, radzenia sobie ze stresem, zarz\u0105dzania zmian\u0105. Jest tak\u017ce instruktorem program\u00f3w profilaktyki uzale\u017cnie\u0144<\/span><\/div><\/div><\/div><\/div><\/div>\n\n\n\n<div class=\"wp-block-qubely-team qubely-block-309c79\"><div class=\"qubely-block-team  qubely-team-layout-3\"><div class=\"qubely-team-image-wrapper\"><img decoding=\"async\" class=\"qubely-team-image\" src=\"https:\/\/centrumbadawczesas.us.edu.pl\/wp-content\/uploads\/2023\/10\/9239A9FD-8A82-43C7-8565-53F977F3D22E.jpg\" srcset=\"\" alt=\"<strong&gt;Kornelia Batko<\/strong&gt;\"\/><\/div><div class=\"qubely-team-content\"><div class=\"qubely-team-content-inner\"><span class=\"qubely-team-name\"><strong>Kornelia Batko<\/strong><\/span><div class=\"qubely-team-designation-container\"><span class=\"qubely-team-designation\"><br>Doktor nauk ekonomicznych, wyk\u0142adowca, szkoleniowiec, trener. W latach 2005- 2022 pracownik naukowo-dydaktyczny w Katedrze Informatyki Ekonomicznej Uniwersytetu Ekonomicznego w Katowicach. Od 2023 roku pracuje na stanowisku profesora uczelni w Instytucie Nauk Politycznych Uniwersytetu \u015al\u0105skiego w Katowicach. Od ponad 17 lat prowadzi dla student\u00f3w r\u00f3\u017cnych uczelni zaj\u0119cia m.in. z zakresu technologii Informacyjnych, handlu elektronicznego, projektowania stron i sklep\u00f3w internetowych, marketingu internetowego, kampanii w mediach spo\u0142eczno\u015bciowych. Autorka ponad 70 artyku\u0142\u00f3w naukowych. Jej zainteresowania badawcze koncentruj\u0105 si\u0119 wok\u00f3\u0142 problematyki: polityki zdrowotnej; wykorzystania system\u00f3w analitycznych oraz Big Data w ochronie zdrowia; kreowaniu wizerunku organizacji (zw\u0142aszcza jednostek ochrony zdrowia); selfcare i dobrostanu spo\u0142ecze\u0144stwa, komunikacji i kreowania wizerunku w social mediach.<\/span><\/div><\/div><\/div><\/div><\/div>\n\n\n\n<div class=\"wp-block-qubely-team qubely-block-306171\"><div class=\"qubely-block-team  qubely-team-layout-3\"><div class=\"qubely-team-image-wrapper\"><img decoding=\"async\" class=\"qubely-team-image\" src=\"https:\/\/centrumbadawczesas.us.edu.pl\/wp-content\/uploads\/2023\/10\/DSC_2616xx.jpg\" srcset=\"\" alt=\"<strong&gt;Dagna Kocur<\/strong&gt;\"\/><\/div><div class=\"qubely-team-content\"><div class=\"qubely-team-content-inner\"><span class=\"qubely-team-name\"><strong>Dagna Kocur<\/strong><\/span><div class=\"qubely-team-designation-container\"><span class=\"qubely-team-designation\"><br>Jest psychologiem, doktorem nauk spo\u0142ecznych w dziedzinie psychologii. Jej zainteresowania skupiaj\u0105 si\u0119 wok\u00f3\u0142 psychologii spo\u0142ecznej oraz uwa\u017cno\u015bci i wsp\u00f3\u0142czucia wobec samego siebie. Uko\u0144czy\u0142a wiele kurs\u00f3w z zakresu psychoterapii i uwa\u017cno\u015bci. Jest certyfikowan\u0105 przez Mindfulness Association Polska, nauczycielk\u0105 Kursu \u017cycia opartego na uwa\u017cno\u015bci (MBLC). Na Uniwersytecie \u015al\u0105skim prowadzi badania, zaj\u0119cia dydaktyczne, a tak\u017ce medytacj\u0119 uwa\u017cno\u015bci.<\/span><\/div><\/div><\/div><\/div><\/div>\n\n\n\n<div class=\"wp-block-qubely-team qubely-block-6d4b37\"><div class=\"qubely-block-team  qubely-team-layout-3\"><div class=\"qubely-team-image-wrapper\"><img decoding=\"async\" class=\"qubely-team-image\" src=\"https:\/\/centrumbadawczesas.us.edu.pl\/wp-content\/uploads\/2023\/10\/Laskawe-teaser-czb-fot-Przemyslaw-Jendroska-5-2-min-scaled.jpg\" srcset=\"\" alt=\"<strong&gt;Magdalena Molska<\/strong&gt;\"\/><\/div><div class=\"qubely-team-content\"><div class=\"qubely-team-content-inner\"><span class=\"qubely-team-name\"><strong>Magdalena Molska<\/strong><\/span><div class=\"qubely-team-designation-container\"><span class=\"qubely-team-designation\"><br>Absolwentka Dziennikarstwa i komunikacji spo\u0142ecznej na Uniwersytecie \u015al\u0105skim w Katowicach. Od wielu lat zwi\u0105zana z instytucjami kultury na \u015al\u0105sku. Posiada do\u015bwiadczenie w organizacji oferty kulturalnej, budowania publiczno\u015bci, promocji i marketingu, a tak\u017ce zarz\u0105dzania projektami. Realizowa\u0142a projekty edukacyjne dofinansowane przez Ministerstwo Kultury i Dziedzictwa Narodowego. Zawodowo zwi\u0105zana z Teatrem \u015al\u0105skim im. St. Wyspia\u0144skiego w Katowicach.<\/span><\/div><\/div><\/div><\/div><\/div>\n\n\n\n<div class=\"wp-block-qubely-team qubely-block-03c40c\"><div class=\"qubely-block-team  qubely-team-layout-3\"><div class=\"qubely-team-image-wrapper\"><img decoding=\"async\" class=\"qubely-team-image\" src=\"https:\/\/centrumbadawczesas.us.edu.pl\/wp-content\/uploads\/2023\/10\/Bez-tytulu.png\" srcset=\"\" alt=\"<strong&gt;Agnieszka Magdziarz-Or\u0142owska<\/strong&gt;\"\/><\/div><div class=\"qubely-team-content\"><div class=\"qubely-team-content-inner\"><span class=\"qubely-team-name\"><strong>Agnieszka Magdziarz-Or\u0142owska<\/strong><\/span><div class=\"qubely-team-designation-container\"><span class=\"qubely-team-designation\"><br>Jest doktorem\u00a0 w Dziedzinie Nauk Spo\u0142ecznych\u00a0w Dyscyplinie Nauk o polityce i administracji.Uko\u0144czy\u0142a studia podyplomowe: Master of Business Administration oraz Przygotowanie\u00a0 projekt\u00f3w\u00a0 i zarz\u0105dzanie\u00a0 funduszami\u00a0 europejskimi. Od lat \u015bwiadczy us\u0142ugi doradztwa biznesowego w Bialskim O\u015brodku Wsparcia Ekonomii Spo\u0142ecznej, gdzie pomaga tworzy\u0107 podmioty Ekonomii Spo\u0142ecznej: sp\u00f3\u0142dzielnie socjalne, fundacje, stowarzyszenia, itp. Od kilkunastu lat skutecznie pozyskuje fundusze z Unii Europejskiej, realizuje i rozlicza projekty. Jest asesorem, audytorem, ekspertem oceniaj\u0105cym. Prowadzi wyk\u0142ady w tematyce: zarz\u0105dzanie projektami, pozyskiwanie \u015brodk\u00f3w zewn\u0119trznych, prowadzenie dzia\u0142alno\u015bci gospodarczej, marketing, zarz\u0105dzanie, negocjacje, kompetencje mi\u0119kkie, negocjacje , wyst\u0105pienia publiczne.<\/span><\/div><\/div><\/div><\/div><\/div>\n\n\n\n<div class=\"wp-block-qubely-team qubely-block-410072\"><div class=\"qubely-block-team  qubely-team-layout-3\"><div class=\"qubely-team-image-wrapper\"><img decoding=\"async\" class=\"qubely-team-image\" src=\"https:\/\/centrumbadawczesas.us.edu.pl\/wp-content\/uploads\/2023\/10\/IMG_20231015_140334.jpg\" srcset=\"\" alt=\"Adam Kawa\"\/><\/div><div class=\"qubely-team-content\"><div class=\"qubely-team-content-inner\"><span class=\"qubely-team-name\">Adam Kawa<\/span><div class=\"qubely-team-designation-container\"><span class=\"qubely-team-designation\"><br>Adam Kawa, skrzypek, dyrygent, dzia\u0142acz kultury, kt\u00f3ry od 2001 roku zwi\u0105zany jest z ruchem<br>folklorystycznym na G\u00f3rnym \u015al\u0105sku wsp\u00f3\u0142pracuj\u0105c w Zespo\u0142em Pie\u015bni i Ta\u0144ca &#8222;Chorz\u00f3w&#8221; oraz<br>Studenckim Zespo\u0142em Pie\u015bni i Ta\u0144ca &#8222;Katowice&#8221; na Uniwersytecie \u015al\u0105skim w Katowicach. W trakcie swojej dzia\u0142alno\u015bci wyst\u0119powa\u0142 z Zespo\u0142ami na wielu koncertach podczas festiwali oraz przegl\u0105d\u00f3w w kraju i za granic\u0105. Nagra\u0142 na potrzebny ZPiT &#8222;Chorz\u00f3w&#8221; p\u0142yt\u0119 z suitami: \u015bl\u0105sk\u0105 oraz krakowsk\u0105, podczas pracy z SZPiT &#8222;Katowice&#8221; by\u0142 odpowiedzialny merytorycznie za CD 02\/2 &#8222;Nad brzegami Rawy i Brynicy&#8221; (2009), stworzy\u0142 aran\u017cacje cz\u0119\u015bci kol\u0119d i by\u0142 odpowiedzialny za edycj\u0119 p\u0142yty &#8222;Z kol\u0119deczk\u0105 idziemy&#8221; (2014), napisa\u0142 wi\u0119kszo\u015b\u0107 utwor\u00f3w do spektaklu muzyczno-tanecznego Zofii Czechlewskiej, zawartych na p\u0142ycie &#8222;Obertaniec-oberwaniec&#8221; (2016), wsp\u00f3\u0142pracowa\u0142 z Zespo\u0142em Pie\u015bni i Ta\u0144ca &#8222;\u015al\u0105sk&#8221; tworz\u0105c muzyk\u0119 do ta\u0144c\u00f3w chasydzkich w choreografii Michaila Zubkova. Aktualnie Adam Kawa obejmuje stanowisko kierownika ZPiT &#8222;Chorz\u00f3w&#8221;, a od 2020 zosta\u0142 powo\u0142any jako ekspert w dziedzinie muzyki do Mi\u0119dzynarodowej Rady Stowarzysze\u0144 Folklorystycznych, Festiwali i Sztuki Ludowej &#8211; CIOFF Polska.<\/span><\/div><\/div><\/div><\/div><\/div>\n\n\n\n<div class=\"wp-block-qubely-team qubely-block-177258\"><div class=\"qubely-block-team  qubely-team-layout-3\"><div class=\"qubely-team-image-wrapper\"><img decoding=\"async\" class=\"qubely-team-image\" src=\"https:\/\/centrumbadawczesas.us.edu.pl\/wp-content\/uploads\/2023\/10\/Zdjecie-Renata-Jankowska-min-scaled.jpg\" srcset=\"\" alt=\"Renata Jankowska\"\/><\/div><div class=\"qubely-team-content\"><div class=\"qubely-team-content-inner\"><span class=\"qubely-team-name\">Renata Jankowska<\/span><div class=\"qubely-team-designation-container\"><span class=\"qubely-team-designation\"><br>Absolwentka francuskoj\u0119zycznej Mi\u0119dzynarodowej Szko\u0142y Nauk Politycznych na Uniwersytecie \u015al\u0105skim, doktor nauk humanistycznych. Od 2014 kieruje Akademi\u0105 Dyplomacji w Uniwersytecie Otwartym Uniwersytetu \u015al\u0105skiego, dyrektorka dydaktyczna kierunk\u00f3w: Bezpiecze\u0144stwo narodowe i mi\u0119dzynarodowe, Doradztwo polityczne i publiczne, Mi\u0119dzynarodowe studia nauk politycznych i dyplomacji, Politologia. Do zainteresowa\u0144 dr Renata Jankowskiej, prof. U\u015a nale\u017cy polityka zagraniczna i wewn\u0119trzna Francji, relacje francusko-tureckie, frankofonia, protok\u00f3\u0142 dyplomatyczny i etykieta. Jest cz\u0142onkiem sieci rz\u0105du francuskiego \u2013 Campus France, w 2022r. za zas\u0142ugi w polsko-francuskiej wsp\u00f3\u0142pracy naukowej i akademickiej zosta\u0142a uhonorowana Orderem Palm Akademickich.<\/span><\/div><\/div><\/div><\/div><\/div>\n\n\n\n<div class=\"wp-block-qubely-team qubely-block-13bc95\"><div class=\"qubely-block-team  qubely-team-layout-3\"><div class=\"qubely-team-image-wrapper\"><img decoding=\"async\" class=\"qubely-team-image\" src=\"https:\/\/centrumbadawczesas.us.edu.pl\/wp-content\/uploads\/2023\/10\/Bez-tytulu2.png\" srcset=\"\" alt=\"Izabela i Sebastian Cierpio\u0142\"\/><\/div><div class=\"qubely-team-content\"><div class=\"qubely-team-content-inner\"><span class=\"qubely-team-name\">Izabela i Sebastian Cierpio\u0142<\/span><div class=\"qubely-team-designation-container\"><span class=\"qubely-team-designation\"><br>Chorzowski Klub Karate Goliat. Instruktorzy Oyama Karate i fitness z wieloletnim do\u015bwiadczeniem &#8211; prowadz\u0105cy zaj\u0119cia z dzie\u0107mi, m\u0142odzie\u017c\u0105 i osobami doros\u0142ymi. Organizatorzy oboz\u00f3w sportowych, zgrupowa\u0144, zawod\u00f3w, wyjazd\u00f3w w g\u00f3ry.<br>Utytu\u0142owani zawodnicy Oyama Karate, s\u0119dziowie na zawodach\u00a0 karate.<br>Lubi\u0105cy prac\u0119 z lud\u017ami \ud83d\ude09<\/span><\/div><\/div><\/div><\/div><\/div>\n","protected":false},"excerpt":{"rendered":"","protected":false},"author":1,"featured_media":0,"parent":0,"menu_order":0,"comment_status":"closed","ping_status":"closed","template":"","meta":{"qubely_global_settings":"","qubely_interactions":"","footnotes":""},"class_list":["post-86","page","type-page","status-publish","hentry"],"_links":{"self":[{"href":"https:\/\/centrumbadawczesas.us.edu.pl\/index.php\/wp-json\/wp\/v2\/pages\/86","targetHints":{"allow":["GET"]}}],"collection":[{"href":"https:\/\/centrumbadawczesas.us.edu.pl\/index.php\/wp-json\/wp\/v2\/pages"}],"about":[{"href":"https:\/\/centrumbadawczesas.us.edu.pl\/index.php\/wp-json\/wp\/v2\/types\/page"}],"author":[{"embeddable":true,"href":"https:\/\/centrumbadawczesas.us.edu.pl\/index.php\/wp-json\/wp\/v2\/users\/1"}],"replies":[{"embeddable":true,"href":"https:\/\/centrumbadawczesas.us.edu.pl\/index.php\/wp-json\/wp\/v2\/comments?post=86"}],"version-history":[{"count":13,"href":"https:\/\/centrumbadawczesas.us.edu.pl\/index.php\/wp-json\/wp\/v2\/pages\/86\/revisions"}],"predecessor-version":[{"id":315,"href":"https:\/\/centrumbadawczesas.us.edu.pl\/index.php\/wp-json\/wp\/v2\/pages\/86\/revisions\/315"}],"wp:attachment":[{"href":"https:\/\/centrumbadawczesas.us.edu.pl\/index.php\/wp-json\/wp\/v2\/media?parent=86"}],"curies":[{"name":"wp","href":"https:\/\/api.w.org\/{rel}","templated":true}]}}